{"version":"1.0","provider_name":"FRBSE - KBRSF","provider_url":"https:\/\/equibel.be\/fr\/","author_name":"Silke Hamerlinck","author_url":"https:\/\/equibel.be\/fr\/author\/silke_hamerlinck\/","title":"Le calendrier 2025 de voltige est en ligne! - FRBSE - KBRSF","type":"rich","width":600,"height":338,"html":"<blockquote class=\"wp-embedded-content\" data-secret=\"8HEo909tTX\"><a href=\"https:\/\/equibel.be\/fr\/le-calendrier-2025-de-voltige-est-en-ligne\/\">Le calendrier 2025 de voltige est en ligne!<\/a><\/blockquote><iframe sandbox=\"allow-scripts\" security=\"restricted\" src=\"https:\/\/equibel.be\/fr\/le-calendrier-2025-de-voltige-est-en-ligne\/embed\/#?secret=8HEo909tTX\" width=\"600\" height=\"338\" title=\"\u00ab\u00a0Le calendrier 2025 de voltige est en ligne!\u00a0\u00bb &#8212; FRBSE - KBRSF\" data-secret=\"8HEo909tTX\" frameborder=\"0\" marginwidth=\"0\" marginheight=\"0\" scrolling=\"no\" class=\"wp-embedded-content\"><\/iframe><script>\n\/*! This file is auto-generated *\/\n!function(d,l){\"use strict\";l.querySelector&&d.addEventListener&&\"undefined\"!=typeof URL&&(d.wp=d.wp||{},d.wp.receiveEmbedMessage||(d.wp.receiveEmbedMessage=function(e){var t=e.data;if((t||t.secret||t.message||t.value)&&!\/[^a-zA-Z0-9]\/.test(t.secret)){for(var s,r,n,a=l.querySelectorAll('iframe[data-secret=\"'+t.secret+'\"]'),o=l.querySelectorAll('blockquote[data-secret=\"'+t.secret+'\"]'),c=new RegExp(\"^https?:$\",\"i\"),i=0;i<o.length;i++)o[i].style.display=\"none\";for(i=0;i<a.length;i++)s=a[i],e.source===s.contentWindow&&(s.removeAttribute(\"style\"),\"height\"===t.message?(1e3<(r=parseInt(t.value,10))?r=1e3:~~r<200&&(r=200),s.height=r):\"link\"===t.message&&(r=new URL(s.getAttribute(\"src\")),n=new URL(t.value),c.test(n.protocol))&&n.host===r.host&&l.activeElement===s&&(d.top.location.href=t.value))}},d.addEventListener(\"message\",d.wp.receiveEmbedMessage,!1),l.addEventListener(\"DOMContentLoaded\",function(){for(var e,t,s=l.querySelectorAll(\"iframe.wp-embedded-content\"),r=0;r<s.length;r++)(t=(e=s[r]).getAttribute(\"data-secret\"))||(t=Math.random().toString(36).substring(2,12),e.src+=\"#?secret=\"+t,e.setAttribute(\"data-secret\",t)),e.contentWindow.postMessage({message:\"ready\",secret:t},\"*\")},!1)))}(window,document);\n\/\/# sourceURL=https:\/\/equibel.be\/wp-includes\/js\/wp-embed.min.js\n<\/script>\n","description":"Avec pas moins de 16 comp\u00e9titions nationales, 16 communautaires et 2 internationales, la saison 2025 s&rsquo;annonce des plus prometteuses ! Notez \u00e9galement dans vos agendas le Championnat de Belgique d\u00e9but septembre, car pour la premi\u00e8re fois, il sera organis\u00e9 en Wallonie, \u00e0 Ghlin. Pour consulter le calendrier, cliquez ici. Bonne chance \u00e0 tous nos voltigeurs [&hellip;]"}